{"id":20989,"date":"2022-11-01T10:45:24","date_gmt":"2022-11-01T09:45:24","guid":{"rendered":"https:\/\/healthcareindanger.org\/2nd-americas-regional-hcid-meeting-2022\/"},"modified":"2023-02-07T11:27:00","modified_gmt":"2023-02-07T10:27:00","slug":"2nd-americas-regional-hcid-meeting-2022","status":"publish","type":"page","link":"https:\/\/healthcareindanger.org\/es\/2nd-americas-regional-hcid-meeting-2022\/","title":{"rendered":"2nd AMERICAS Regional HCID meeting 2022"},"content":{"rendered":"\t\t<div data-elementor-type=\"wp-page\" data-elementor-id=\"20989\" class=\"elementor elementor-20989 elementor-20929\" data-elementor-post-type=\"page\">\n\t\t\t\t\t\t\t\t\t<section class=\"elementor-section elementor-top-section elementor-element elementor-element-92d8892 elementor-section-boxed elementor-section-height-default elementor-section-height-default\" data-id=\"92d8892\" data-element_type=\"section\">\n\t\t\t\t\t\t<div class=\"elementor-container elementor-column-gap-default\">\n\t\t\t\t\t<div class=\"elementor-column elementor-col-33 elementor-top-column elementor-element elementor-element-7c0facc\" data-id=\"7c0facc\" data-element_type=\"column\">\n\t\t\t<div class=\"elementor-widget-wrap elementor-element-populated\">\n\t\t\t\t\t\t\t\t<div class=\"elementor-element elementor-element-090b81c elementor-align-center elementor-widget elementor-widget-button\" data-id=\"090b81c\" data-element_type=\"widget\" data-widget_type=\"button.default\">\n\t\t\t\t<div class=\"elementor-widget-container\">\n\t\t\t\t\t<div class=\"elementor-button-wrapper\">\n\t\t\t<a class=\"elementor-button elementor-button-link elementor-size-xs\" href=\"https:\/\/healthcareindanger.org\/es\/2nd-americas-regional-hcid-meeting-2022\/\">\n\t\t\t\t\t\t<span class=\"elementor-button-content-wrapper\">\n\t\t\t\t\t\t<span class=\"elementor-button-text\">clic aqu\u00ed para el espa\u00f1ol<\/span>\n\t\t<\/span>\n\t\t\t\t\t<\/a>\n\t\t<\/div>\n\t\t\t\t<\/div>\n\t\t\t\t<\/div>\n\t\t\t\t\t<\/div>\n\t\t<\/div>\n\t\t\t\t<div class=\"elementor-column elementor-col-33 elementor-top-column elementor-element elementor-element-036cf8e\" data-id=\"036cf8e\" data-element_type=\"column\">\n\t\t\t<div class=\"elementor-widget-wrap elementor-element-populated\">\n\t\t\t\t\t\t\t\t<div class=\"elementor-element elementor-element-94a6db3 elementor-align-center elementor-widget elementor-widget-button\" data-id=\"94a6db3\" data-element_type=\"widget\" data-widget_type=\"button.default\">\n\t\t\t\t<div class=\"elementor-widget-container\">\n\t\t\t\t\t<div class=\"elementor-button-wrapper\">\n\t\t\t<a class=\"elementor-button elementor-button-link elementor-size-xs\" href=\"https:\/\/healthcareindanger.org\/wp-content\/uploads\/2022\/11\/concept-note-FRENCH-1.pdf\">\n\t\t\t\t\t\t<span class=\"elementor-button-content-wrapper\">\n\t\t\t\t\t\t<span class=\"elementor-button-text\">cliquez ici pour le fran\u00e7ais<\/span>\n\t\t<\/span>\n\t\t\t\t\t<\/a>\n\t\t<\/div>\n\t\t\t\t<\/div>\n\t\t\t\t<\/div>\n\t\t\t\t\t<\/div>\n\t\t<\/div>\n\t\t\t\t<div class=\"elementor-column elementor-col-33 elementor-top-column elementor-element elementor-element-27437f6\" data-id=\"27437f6\" data-element_type=\"column\">\n\t\t\t<div class=\"elementor-widget-wrap elementor-element-populated\">\n\t\t\t\t\t\t\t\t<div class=\"elementor-element elementor-element-4f2f4bf elementor-align-center elementor-widget elementor-widget-button\" data-id=\"4f2f4bf\" data-element_type=\"widget\" data-widget_type=\"button.default\">\n\t\t\t\t<div class=\"elementor-widget-container\">\n\t\t\t\t\t<div class=\"elementor-button-wrapper\">\n\t\t\t<a class=\"elementor-button elementor-button-link elementor-size-xs\" href=\"https:\/\/healthcareindanger.org\/wp-content\/uploads\/2022\/11\/concept-note-portuguese-1.pdf\">\n\t\t\t\t\t\t<span class=\"elementor-button-content-wrapper\">\n\t\t\t\t\t\t<span class=\"elementor-button-text\">clique aqui para portugu\u00eas<\/span>\n\t\t<\/span>\n\t\t\t\t\t<\/a>\n\t\t<\/div>\n\t\t\t\t<\/div>\n\t\t\t\t<\/div>\n\t\t\t\t\t<\/div>\n\t\t<\/div>\n\t\t\t\t\t\t\t<\/div>\n\t\t<\/section>\n\t\t\t\t<section class=\"elementor-section elementor-top-section elementor-element elementor-element-5d32d97 elementor-section-boxed elementor-section-height-default elementor-section-height-default\" data-id=\"5d32d97\" data-element_type=\"section\">\n\t\t\t\t\t\t\t<div class=\"elementor-background-overlay\"><\/div>\n\t\t\t\t\t\t\t<div class=\"elementor-container elementor-column-gap-default\">\n\t\t\t\t\t<div class=\"elementor-column elementor-col-50 elementor-top-column elementor-element elementor-element-82e61a4\" data-id=\"82e61a4\" data-element_type=\"column\">\n\t\t\t<div class=\"elementor-widget-wrap elementor-element-populated\">\n\t\t\t\t\t\t\t\t<div class=\"elementor-element elementor-element-37a237d elementor-widget elementor-widget-image\" data-id=\"37a237d\" data-element_type=\"widget\" data-widget_type=\"image.default\">\n\t\t\t\t<div class=\"elementor-widget-container\">\n\t\t\t\t\t\t\t\t\t\t\t\t\t\t\t<img loading=\"lazy\" decoding=\"async\" width=\"680\" height=\"539\" src=\"https:\/\/healthcareindanger.org\/wp-content\/uploads\/2022\/11\/logo-Seminario-anyela.png\" class=\"attachment-large size-large wp-image-21401\" alt=\"\" srcset=\"https:\/\/healthcareindanger.org\/wp-content\/uploads\/2022\/11\/logo-Seminario-anyela.png 704w, https:\/\/healthcareindanger.org\/wp-content\/uploads\/2022\/11\/logo-Seminario-anyela-300x238.png 300w\" sizes=\"(max-width: 680px) 100vw, 680px\" \/>\t\t\t\t\t\t\t\t\t\t\t\t\t\t\t<\/div>\n\t\t\t\t<\/div>\n\t\t\t\t\t<\/div>\n\t\t<\/div>\n\t\t\t\t<div class=\"elementor-column elementor-col-50 elementor-top-column elementor-element elementor-element-fab05a9\" data-id=\"fab05a9\" data-element_type=\"column\">\n\t\t\t<div class=\"elementor-widget-wrap elementor-element-populated\">\n\t\t\t\t\t\t\t\t<div class=\"elementor-element elementor-element-c88e480 elementor-widget elementor-widget-spacer\" data-id=\"c88e480\" data-element_type=\"widget\" data-widget_type=\"spacer.default\">\n\t\t\t\t<div class=\"elementor-widget-container\">\n\t\t\t\t\t<div class=\"elementor-spacer\">\n\t\t\t<div class=\"elementor-spacer-inner\"><\/div>\n\t\t<\/div>\n\t\t\t\t<\/div>\n\t\t\t\t<\/div>\n\t\t\t\t<div class=\"elementor-element elementor-element-7b24c29 elementor-widget elementor-widget-image\" data-id=\"7b24c29\" data-element_type=\"widget\" data-widget_type=\"image.default\">\n\t\t\t\t<div class=\"elementor-widget-container\">\n\t\t\t\t\t\t\t\t\t\t\t\t\t\t\t<img loading=\"lazy\" decoding=\"async\" width=\"680\" height=\"454\" src=\"https:\/\/healthcareindanger.org\/wp-content\/uploads\/2022\/11\/pic-1-1024x683.jpg\" class=\"attachment-large size-large wp-image-21391\" alt=\"\" srcset=\"https:\/\/healthcareindanger.org\/wp-content\/uploads\/2022\/11\/pic-1-1024x683.jpg 1024w, https:\/\/healthcareindanger.org\/wp-content\/uploads\/2022\/11\/pic-1-300x200.jpg 300w, https:\/\/healthcareindanger.org\/wp-content\/uploads\/2022\/11\/pic-1-768x512.jpg 768w, https:\/\/healthcareindanger.org\/wp-content\/uploads\/2022\/11\/pic-1-1536x1024.jpg 1536w, https:\/\/healthcareindanger.org\/wp-content\/uploads\/2022\/11\/pic-1-2048x1365.jpg 2048w\" sizes=\"(max-width: 680px) 100vw, 680px\" \/>\t\t\t\t\t\t\t\t\t\t\t\t\t\t\t<\/div>\n\t\t\t\t<\/div>\n\t\t\t\t\t<\/div>\n\t\t<\/div>\n\t\t\t\t\t\t\t<\/div>\n\t\t<\/section>\n\t\t\t\t<section class=\"elementor-section elementor-top-section elementor-element elementor-element-4920ef3a elementor-section-boxed elementor-section-height-default elementor-section-height-default\" data-id=\"4920ef3a\" data-element_type=\"section\">\n\t\t\t\t\t\t<div class=\"elementor-container elementor-column-gap-default\">\n\t\t\t\t\t<div class=\"elementor-column elementor-col-25 elementor-top-column elementor-element elementor-element-913d0e1\" data-id=\"913d0e1\" data-element_type=\"column\">\n\t\t\t<div class=\"elementor-widget-wrap elementor-element-populated\">\n\t\t\t\t\t\t\t\t<div class=\"elementor-element elementor-element-060c6c0 elementor-widget elementor-widget-image\" data-id=\"060c6c0\" data-element_type=\"widget\" data-widget_type=\"image.default\">\n\t\t\t\t<div class=\"elementor-widget-container\">\n\t\t\t\t\t\t\t\t\t\t\t\t\t\t\t<img loading=\"lazy\" decoding=\"async\" width=\"134\" height=\"67\" src=\"https:\/\/healthcareindanger.org\/wp-content\/uploads\/2022\/11\/logo-HCiD.png\" class=\"attachment-large size-large wp-image-21005\" alt=\"\" \/>\t\t\t\t\t\t\t\t\t\t\t\t\t\t\t<\/div>\n\t\t\t\t<\/div>\n\t\t\t\t\t<\/div>\n\t\t<\/div>\n\t\t\t\t<div class=\"elementor-column elementor-col-25 elementor-top-column elementor-element elementor-element-bfb6266\" data-id=\"bfb6266\" data-element_type=\"column\">\n\t\t\t<div class=\"elementor-widget-wrap elementor-element-populated\">\n\t\t\t\t\t\t\t\t<div class=\"elementor-element elementor-element-a1bf407 elementor-widget elementor-widget-image\" data-id=\"a1bf407\" data-element_type=\"widget\" data-widget_type=\"image.default\">\n\t\t\t\t<div class=\"elementor-widget-container\">\n\t\t\t\t\t\t\t\t\t\t\t\t\t\t\t<img loading=\"lazy\" decoding=\"async\" width=\"145\" height=\"72\" src=\"https:\/\/healthcareindanger.org\/wp-content\/uploads\/2022\/11\/logo-paho.png\" class=\"attachment-large size-large wp-image-21578\" alt=\"\" \/>\t\t\t\t\t\t\t\t\t\t\t\t\t\t\t<\/div>\n\t\t\t\t<\/div>\n\t\t\t\t\t<\/div>\n\t\t<\/div>\n\t\t\t\t<div class=\"elementor-column elementor-col-25 elementor-top-column elementor-element elementor-element-10b49dd\" data-id=\"10b49dd\" data-element_type=\"column\">\n\t\t\t<div class=\"elementor-widget-wrap elementor-element-populated\">\n\t\t\t\t\t\t\t\t<div class=\"elementor-element elementor-element-adb5e77 elementor-widget elementor-widget-image\" data-id=\"adb5e77\" data-element_type=\"widget\" data-widget_type=\"image.default\">\n\t\t\t\t<div class=\"elementor-widget-container\">\n\t\t\t\t\t\t\t\t\t\t\t\t\t\t\t<img loading=\"lazy\" decoding=\"async\" width=\"617\" height=\"104\" src=\"https:\/\/healthcareindanger.org\/wp-content\/uploads\/2022\/11\/logo-2.jpg\" class=\"attachment-medium_large size-medium_large wp-image-20998\" alt=\"\" srcset=\"https:\/\/healthcareindanger.org\/wp-content\/uploads\/2022\/11\/logo-2.jpg 617w, https:\/\/healthcareindanger.org\/wp-content\/uploads\/2022\/11\/logo-2-300x51.jpg 300w\" sizes=\"(max-width: 617px) 100vw, 617px\" \/>\t\t\t\t\t\t\t\t\t\t\t\t\t\t\t<\/div>\n\t\t\t\t<\/div>\n\t\t\t\t\t<\/div>\n\t\t<\/div>\n\t\t\t\t<div class=\"elementor-column elementor-col-25 elementor-top-column elementor-element elementor-element-0748f60\" data-id=\"0748f60\" data-element_type=\"column\">\n\t\t\t<div class=\"elementor-widget-wrap elementor-element-populated\">\n\t\t\t\t\t\t\t\t<div class=\"elementor-element elementor-element-9da8739 elementor-widget elementor-widget-image\" data-id=\"9da8739\" data-element_type=\"widget\" data-widget_type=\"image.default\">\n\t\t\t\t<div class=\"elementor-widget-container\">\n\t\t\t\t\t\t\t\t\t\t\t\t\t\t\t<img loading=\"lazy\" decoding=\"async\" width=\"652\" height=\"168\" src=\"https:\/\/healthcareindanger.org\/wp-content\/uploads\/2022\/11\/logo-1.jpg\" class=\"attachment-large size-large wp-image-20991\" alt=\"\" srcset=\"https:\/\/healthcareindanger.org\/wp-content\/uploads\/2022\/11\/logo-1.jpg 652w, https:\/\/healthcareindanger.org\/wp-content\/uploads\/2022\/11\/logo-1-300x77.jpg 300w\" sizes=\"(max-width: 652px) 100vw, 652px\" \/>\t\t\t\t\t\t\t\t\t\t\t\t\t\t\t<\/div>\n\t\t\t\t<\/div>\n\t\t\t\t\t<\/div>\n\t\t<\/div>\n\t\t\t\t\t\t\t<\/div>\n\t\t<\/section>\n\t\t\t\t<section class=\"elementor-section elementor-top-section elementor-element elementor-element-b3ec032 elementor-section-boxed elementor-section-height-default elementor-section-height-default\" data-id=\"b3ec032\" data-element_type=\"section\">\n\t\t\t\t\t\t<div class=\"elementor-container elementor-column-gap-default\">\n\t\t\t\t\t<div class=\"elementor-column elementor-col-100 elementor-top-column elementor-element elementor-element-2a353a7\" data-id=\"2a353a7\" data-element_type=\"column\">\n\t\t\t<div class=\"elementor-widget-wrap elementor-element-populated\">\n\t\t\t\t\t\t\t\t<div class=\"elementor-element elementor-element-15f33f8 elementor-widget elementor-widget-text-editor\" data-id=\"15f33f8\" data-element_type=\"widget\" data-widget_type=\"text-editor.default\">\n\t\t\t\t<div class=\"elementor-widget-container\">\n\t\t\t\t\t\t\t<h3 style=\"text-align: center;\"><strong>II Seminario\u00a0<\/strong><strong style=\"background-color: transparent;\">\u201cConsecuencias humanitarias de la falta de respeto y protecci\u00f3n a los servicios de salud <\/strong><strong style=\"background-color: transparent;\">en Latinoam\u00e9rica\u201d<\/strong><\/h3><h3 style=\"text-align: center;\"><strong>23, 24 y 25 de noviembre de 2022<\/strong><\/h3><h3 style=\"text-align: center;\"><strong>Bogot\u00e1. Colombia<\/strong><\/h3><div style=\"text-align: center;\"><strong>\u00a0<\/strong><\/div><h4><strong>INTRODUCCI\u00d3N<\/strong><\/h4><p>La violencia contra el personal de salud y sus beneficiarios es una problem\u00e1tica grave y generalizada. Velar por la seguridad de los heridos y enfermos, as\u00ed como del personal, las instalaciones y los medios de transporte sanitarios, durante los conflictos armados y otras situaciones de violencia, es una necesidad que se debe garantizar.<\/p><p>A pesar de los esfuerzos impulsados por los Estados y otras instituciones, a\u00fan queda mucho por hacer para que los heridos y enfermos puedan acceder oportunamente a la asistencia en salud, as\u00ed como para que el personal de salud cuente con las condiciones de seguridad que le permita brindar servicios de salud de manera adecuada.<\/p><p>Colombia lleva m\u00e1s de 20 a\u00f1os avanzando en la formulaci\u00f3n de mecanismos de protecci\u00f3n de la Misi\u00f3n M\u00e9dica (MM). Se ha desarrollado un modelo normativo, que incluye la articulaci\u00f3n intersectorial para el registro, la prevenci\u00f3n, gesti\u00f3n y manejo de los eventos que afectan al personal de salud y la comunidad.<\/p><p>Como parte de este proceso, en el a\u00f1o 2014 se realiz\u00f3 en Bogot\u00e1 el primer Seminario Internacional sobre la Falta de Respeto y Protecci\u00f3n de los Servicios de Salud, que reuni\u00f3 a representantes de Bolivia, Brasil, Chile, Cuba, Ecuador, El Salvador, Guatemala, Honduras, M\u00e9xico, Per\u00fa y Venezuela, con el objetivo de identificar e intercambiar conocimiento sobre la problem\u00e1tica y posibilidades de respuesta a esta.<\/p><p>Latinoam\u00e9rica ha confrontado en los \u00faltimos a\u00f1os importantes retos de violencia contra los servicios de salud, relacionados, entre otros, con la estigmatizaci\u00f3n del personal de salud durante la pandemia del COVID, los bloqueos y agresiones a ambulancias durante movilizaciones sociales o las dificultades de acceso debidas a las situaciones de violencia urbana.<\/p><h4><strong>En seguimiento del primer Seminario y para contribuir de nuevo a mejorar el acceso a la salud en contextos violentos de la regi\u00f3n latinoamericana, mediante el intercambio de experiencias y coordinaci\u00f3n, se ha convocado este Segundo Seminario Regional \u201cConsecuencias humanitarias de la falta de respeto y protecci\u00f3n a los servicios de salud en Latinoam\u00e9rica\u201d.<\/strong><\/h4><h3>\u00a0<\/h3><h3><strong>OBJETIVOS<\/strong><\/h3><h4><strong>GENERAL:\u00a0<\/strong><\/h4><p><span style=\"background-color: transparent;\">Promover el intercambio de experiencias y el trabajo colaborativo de los pa\u00edses de la regi\u00f3n de Latinoam\u00e9rica, enfocado a mejorar el respeto y protecci\u00f3n de la asistencia en salud y de los beneficiarios de esta, en particular los que habitan en zonas afectadas por la violencia.\u00a0<\/span><\/p><h4><strong>ESPEC\u00cdFICOS:<\/strong><\/h4><ul><li>Ilustrar los avances desde el seminario 2014 que han existido en cuanto a la promoci\u00f3n del respeto y protecci\u00f3n de la asistencia sanitaria a nivel latinoamericano, incluidos las acciones de entidades como CICR, PAHO, CRN, CRC y pa\u00edses participantes.<\/li><\/ul><ul><li>Intercambiar lecciones aprendidas y buenas pr\u00e1cticas en: la generaci\u00f3n del marco normativo nacional para la protecci\u00f3n de la asistencia en salud, promoci\u00f3n del respeto a la salud por actores armados, mejora de la resiliencia del personal de salud y sensibilizaci\u00f3n de la poblaci\u00f3n general.<\/li><\/ul><ul><li>Consolidar recomendaciones y estrategias de intervenci\u00f3n cuando se evidencian situaciones de riesgo de agresi\u00f3n en contra de pacientes, personal de salud, medios de transporte e instalaciones sanitarias.<\/li><li>Generar acuerdos a nivel regional sobre la protecci\u00f3n de la asistencia en salud.<\/li><\/ul>\t\t\t\t\t\t<\/div>\n\t\t\t\t<\/div>\n\t\t\t\t\t<\/div>\n\t\t<\/div>\n\t\t\t\t\t\t\t<\/div>\n\t\t<\/section>\n\t\t\t\t<section class=\"elementor-section elementor-top-section elementor-element elementor-element-1d64d9b elementor-section-boxed elementor-section-height-default elementor-section-height-default\" data-id=\"1d64d9b\" data-element_type=\"section\">\n\t\t\t\t\t\t<div class=\"elementor-container elementor-column-gap-default\">\n\t\t\t\t\t<div class=\"elementor-column elementor-col-100 elementor-top-column elementor-element elementor-element-8cf1a04\" data-id=\"8cf1a04\" data-element_type=\"column\">\n\t\t\t<div class=\"elementor-widget-wrap elementor-element-populated\">\n\t\t\t\t\t\t\t\t<div class=\"elementor-element elementor-element-69f39cd elementor-widget elementor-widget-heading\" data-id=\"69f39cd\" data-element_type=\"widget\" data-widget_type=\"heading.default\">\n\t\t\t\t<div class=\"elementor-widget-container\">\n\t\t\t<h2 class=\"elementor-heading-title elementor-size-default\">Recursos \u00fatiles: <\/h2>\t\t<\/div>\n\t\t\t\t<\/div>\n\t\t\t\t\t<\/div>\n\t\t<\/div>\n\t\t\t\t\t\t\t<\/div>\n\t\t<\/section>\n\t\t\t\t<section class=\"elementor-section elementor-top-section elementor-element elementor-element-17822d9 elementor-section-boxed elementor-section-height-default elementor-section-height-default\" data-id=\"17822d9\" data-element_type=\"section\">\n\t\t\t\t\t\t<div class=\"elementor-container elementor-column-gap-default\">\n\t\t\t\t\t<div class=\"elementor-column elementor-col-66 elementor-top-column elementor-element elementor-element-f09dd80\" data-id=\"f09dd80\" data-element_type=\"column\">\n\t\t\t<div class=\"elementor-widget-wrap elementor-element-populated\">\n\t\t\t\t\t\t\t\t<div class=\"elementor-element elementor-element-c98a9cd elementor-widget elementor-widget-text-editor\" data-id=\"c98a9cd\" data-element_type=\"widget\" data-widget_type=\"text-editor.default\">\n\t\t\t\t<div class=\"elementor-widget-container\">\n\t\t\t\t\t\t\t<h3><em><strong>Para descargar las presentaciones, haga clic en el nombre que sea de su inter\u00e9s y est\u00e9 resaltado en otro color.<\/strong><\/em><\/h3>\t\t\t\t\t\t<\/div>\n\t\t\t\t<\/div>\n\t\t\t\t\t<\/div>\n\t\t<\/div>\n\t\t\t\t<div class=\"elementor-column elementor-col-33 elementor-top-column elementor-element elementor-element-7281e92\" data-id=\"7281e92\" data-element_type=\"column\">\n\t\t\t<div class=\"elementor-widget-wrap elementor-element-populated\">\n\t\t\t\t\t\t\t\t<div class=\"elementor-element elementor-element-bcd686e elementor-view-default elementor-widget elementor-widget-icon\" data-id=\"bcd686e\" data-element_type=\"widget\" data-widget_type=\"icon.default\">\n\t\t\t\t<div class=\"elementor-widget-container\">\n\t\t\t\t\t<div class=\"elementor-icon-wrapper\">\n\t\t\t<div class=\"elementor-icon\">\n\t\t\t<i aria-hidden=\"true\" class=\"fas fa-file-download\"><\/i>\t\t\t<\/div>\n\t\t<\/div>\n\t\t\t\t<\/div>\n\t\t\t\t<\/div>\n\t\t\t\t\t<\/div>\n\t\t<\/div>\n\t\t\t\t\t\t\t<\/div>\n\t\t<\/section>\n\t\t\t\t<section class=\"elementor-section elementor-top-section elementor-element elementor-element-e3c021d elementor-section-boxed elementor-section-height-default elementor-section-height-default\" data-id=\"e3c021d\" data-element_type=\"section\">\n\t\t\t\t\t\t<div class=\"elementor-container elementor-column-gap-default\">\n\t\t\t\t\t<div class=\"elementor-column elementor-col-100 elementor-top-column elementor-element elementor-element-3df3746\" data-id=\"3df3746\" data-element_type=\"column\">\n\t\t\t<div class=\"elementor-widget-wrap elementor-element-populated\">\n\t\t\t\t\t\t\t\t<div class=\"elementor-element elementor-element-a67261c elementor-widget elementor-widget-heading\" data-id=\"a67261c\" data-element_type=\"widget\" data-widget_type=\"heading.default\">\n\t\t\t\t<div class=\"elementor-widget-container\">\n\t\t\t<h2 class=\"elementor-heading-title elementor-size-default\">Mi\u00e9rcoles 23 de noviembre del 2022<\/h2>\t\t<\/div>\n\t\t\t\t<\/div>\n\t\t\t\t\t<\/div>\n\t\t<\/div>\n\t\t\t\t\t\t\t<\/div>\n\t\t<\/section>\n\t\t\t\t<section class=\"elementor-section elementor-top-section elementor-element elementor-element-ab539e6 elementor-section-boxed elementor-section-height-default elementor-section-height-default\" data-id=\"ab539e6\" data-element_type=\"section\">\n\t\t\t\t\t\t<div class=\"elementor-container elementor-column-gap-default\">\n\t\t\t\t\t<div class=\"elementor-column elementor-col-100 elementor-top-column elementor-element elementor-element-7c7cf1f\" data-id=\"7c7cf1f\" data-element_type=\"column\">\n\t\t\t<div class=\"elementor-widget-wrap elementor-element-populated\">\n\t\t\t\t\t\t\t\t<div class=\"elementor-element elementor-element-74f6c56 elementor-widget elementor-widget-heading\" data-id=\"74f6c56\" data-element_type=\"widget\" data-widget_type=\"heading.default\">\n\t\t\t\t<div class=\"elementor-widget-container\">\n\t\t\t<h3 class=\"elementor-heading-title elementor-size-default\">Apertura<\/h3>\t\t<\/div>\n\t\t\t\t<\/div>\n\t\t\t\t<div class=\"elementor-element elementor-element-7b88a59 elementor-widget elementor-widget-text-editor\" data-id=\"7b88a59\" data-element_type=\"widget\" data-widget_type=\"text-editor.default\">\n\t\t\t\t<div class=\"elementor-widget-container\">\n\t\t\t\t\t\t\t<p><strong>Excelent\u00edsima Dra. Carolina Corcho Mej\u00eda &#8211; <\/strong>Ministra de Salud y Protecci\u00f3n Social, Colombia<strong>\u00a0 \u00a0 \u00a0 \u00a0 \u00a0<\/strong><\/p><p><strong><em>Dra. Judith Carvajal de Alvarez,<\/em><\/strong> Presidenta Nacional de la Cruz Roja Colombiana<\/p><p><strong><em>Sr. Lorenzo Caraffi,<\/em><\/strong> Jefe de la Delegaci\u00f3n del Comit\u00e9 Internacional de la Cruz Roja (CICR) en Colombia<\/p><p><strong><em>Sr. Andr\u00e9s Kruesi<\/em><\/strong><em>,<\/em> Representante Regional de las Am\u00e9ricas, Cruz Roja Noruega, Honduras<\/p><p><strong><em>Dra. Gina Tambini<\/em>, <\/strong>Representante de OPS\/OMS, Colombia<\/p>\t\t\t\t\t\t<\/div>\n\t\t\t\t<\/div>\n\t\t\t\t<div class=\"elementor-element elementor-element-dd6f023 elementor-widget-divider--view-line elementor-widget elementor-widget-divider\" data-id=\"dd6f023\" data-element_type=\"widget\" data-widget_type=\"divider.default\">\n\t\t\t\t<div class=\"elementor-widget-container\">\n\t\t\t\t\t<div class=\"elementor-divider\">\n\t\t\t<span class=\"elementor-divider-separator\">\n\t\t\t\t\t\t<\/span>\n\t\t<\/div>\n\t\t\t\t<\/div>\n\t\t\t\t<\/div>\n\t\t\t\t<div class=\"elementor-element elementor-element-97e22ac elementor-widget elementor-widget-heading\" data-id=\"97e22ac\" data-element_type=\"widget\" data-widget_type=\"heading.default\">\n\t\t\t\t<div class=\"elementor-widget-container\">\n\t\t\t<h3 class=\"elementor-heading-title elementor-size-default\">Marco Normativo para la protecci\u00f3n de la asistencia en salud<\/h3>\t\t<\/div>\n\t\t\t\t<\/div>\n\t\t\t\t<div class=\"elementor-element elementor-element-afaf192 elementor-widget elementor-widget-text-editor\" data-id=\"afaf192\" data-element_type=\"widget\" data-widget_type=\"text-editor.default\">\n\t\t\t\t<div class=\"elementor-widget-container\">\n\t\t\t\t\t\t\t<p><strong style=\"background-color: transparent;\">Moderadora:\u00a0 <\/strong><a href=\"https:\/\/healthcareindanger.org\/wp-content\/uploads\/2023\/01\/S1MarcoNormativo-1MarianaChacon.pdf\"><em>Dra. Mariana Chac\u00f3n<\/em>, Coordinadora Jur\u00eddica Operacional, CICR, Colombia <\/a><span style=\"background-color: transparent;\">\u00a0<\/span><strong style=\"background-color: transparent;\">\u00a0<\/strong><\/p><p><strong>Ponentes: <\/strong><a href=\"https:\/\/healthcareindanger.org\/wp-content\/uploads\/2023\/01\/S1MarcoNormativo-2JulioCastellanos.pdf\"><em>Dr. Julio C\u00e9sar Castellanos<\/em><\/a>, Director General del Hospital Universitario San Ignacio, Bogot\u00e1, Colombia\u00a0 \u00a0 \u00a0 \u00a0 \u00a0 \u00a0 \u00a0 \u00a0 \u00a0 \u00a0 \u00a0 \u00a0 \u00a0 \u00a0 \u00a0 \u00a0 \u00a0 \u00a0\u00a0<\/p><p><a href=\"https:\/\/healthcareindanger.org\/wp-content\/uploads\/2023\/01\/S1MarcoNormativo-3LauraMejia.pdf\"><em>Dra. Laura Mej\u00eda<\/em><\/a>, Secretar\u00eda De Salud, Honduras<\/p><p><a href=\"https:\/\/healthcareindanger.org\/wp-content\/uploads\/2023\/01\/S1MarcoNormativo-4Carolina-Schimer.pdf\"><em>Dra. Caroline Schirmer<\/em><\/a>, Directora De Atenci\u00f3n Primaria en Salud, Secretar\u00eda Municipal de Puerto Alegre, Brasil<\/p><p><a href=\"https:\/\/healthcareindanger.org\/wp-content\/uploads\/2023\/01\/S1MarcoNormativo-5JeanFranco.pdf\"><em>Dr. Jean Franco Olivera<\/em><\/a>, Asesor Jur\u00eddico, Delegaci\u00f3n Regional CICR, Panam\u00e1<\/p><p><em>Dr. Juan Ram\u00f3n Navarrete<\/em>, Director Regional para Centroam\u00e9rica, Instituto Interamericano De Derechos Humanos<\/p>\t\t\t\t\t\t<\/div>\n\t\t\t\t<\/div>\n\t\t\t\t<div class=\"elementor-element elementor-element-7642b73 elementor-widget-divider--view-line elementor-widget elementor-widget-divider\" data-id=\"7642b73\" data-element_type=\"widget\" data-widget_type=\"divider.default\">\n\t\t\t\t<div class=\"elementor-widget-container\">\n\t\t\t\t\t<div class=\"elementor-divider\">\n\t\t\t<span class=\"elementor-divider-separator\">\n\t\t\t\t\t\t<\/span>\n\t\t<\/div>\n\t\t\t\t<\/div>\n\t\t\t\t<\/div>\n\t\t\t\t<div class=\"elementor-element elementor-element-87e3c41 elementor-widget elementor-widget-heading\" data-id=\"87e3c41\" data-element_type=\"widget\" data-widget_type=\"heading.default\">\n\t\t\t\t<div class=\"elementor-widget-container\">\n\t\t\t<h3 class=\"elementor-heading-title elementor-size-default\">Conclusiones del Seminario \u201cConsecuencias Humanitarias de la Falta de Respeto y Protecci\u00f3n de los Servicios de Salud, Bogot\u00e1, 2014\n<\/h3>\t\t<\/div>\n\t\t\t\t<\/div>\n\t\t\t\t<div class=\"elementor-element elementor-element-f5f4a1a elementor-widget elementor-widget-text-editor\" data-id=\"f5f4a1a\" data-element_type=\"widget\" data-widget_type=\"text-editor.default\">\n\t\t\t\t<div class=\"elementor-widget-container\">\n\t\t\t\t\t\t\t<p><strong>Ponente: <\/strong><a href=\"https:\/\/healthcareindanger.org\/wp-content\/uploads\/2023\/01\/S2Conclusiones2014-1Francisco-Moreno.pdf\"><em>Dr. Francisco Moreno<\/em>,<\/a> Director Ejecutivo de la Cruz Roja Colombiana<\/p>\t\t\t\t\t\t<\/div>\n\t\t\t\t<\/div>\n\t\t\t\t<div class=\"elementor-element elementor-element-da25387 elementor-widget-divider--view-line elementor-widget elementor-widget-divider\" data-id=\"da25387\" data-element_type=\"widget\" data-widget_type=\"divider.default\">\n\t\t\t\t<div class=\"elementor-widget-container\">\n\t\t\t\t\t<div class=\"elementor-divider\">\n\t\t\t<span class=\"elementor-divider-separator\">\n\t\t\t\t\t\t<\/span>\n\t\t<\/div>\n\t\t\t\t<\/div>\n\t\t\t\t<\/div>\n\t\t\t\t<div class=\"elementor-element elementor-element-ff3570d elementor-widget elementor-widget-heading\" data-id=\"ff3570d\" data-element_type=\"widget\" data-widget_type=\"heading.default\">\n\t\t\t\t<div class=\"elementor-widget-container\">\n\t\t\t<h3 class=\"elementor-heading-title elementor-size-default\">Violencia en contra de la salud en Latinoam\u00e9rica: Retos y perspectivas\n<\/h3>\t\t<\/div>\n\t\t\t\t<\/div>\n\t\t\t\t<div class=\"elementor-element elementor-element-9a1f5ec elementor-widget elementor-widget-text-editor\" data-id=\"9a1f5ec\" data-element_type=\"widget\" data-widget_type=\"text-editor.default\">\n\t\t\t\t<div class=\"elementor-widget-container\">\n\t\t\t\t\t\t\t<p><strong>Ponente: <\/strong><em>Dr. V\u00edctor de Currea De Lugo<\/em>, M\u00e9dico y Periodista independiente, Colombia<\/p>\t\t\t\t\t\t<\/div>\n\t\t\t\t<\/div>\n\t\t\t\t<div class=\"elementor-element elementor-element-c50102a elementor-widget-divider--view-line elementor-widget elementor-widget-divider\" data-id=\"c50102a\" data-element_type=\"widget\" data-widget_type=\"divider.default\">\n\t\t\t\t<div class=\"elementor-widget-container\">\n\t\t\t\t\t<div class=\"elementor-divider\">\n\t\t\t<span class=\"elementor-divider-separator\">\n\t\t\t\t\t\t<\/span>\n\t\t<\/div>\n\t\t\t\t<\/div>\n\t\t\t\t<\/div>\n\t\t\t\t<div class=\"elementor-element elementor-element-ac4c31c elementor-widget elementor-widget-heading\" data-id=\"ac4c31c\" data-element_type=\"widget\" data-widget_type=\"heading.default\">\n\t\t\t\t<div class=\"elementor-widget-container\">\n\t\t\t<h3 class=\"elementor-heading-title elementor-size-default\">Introducci\u00f3n: Contexto y desaf\u00edos de la protecci\u00f3n de la asistencia en salud<\/h3>\t\t<\/div>\n\t\t\t\t<\/div>\n\t\t\t\t<div class=\"elementor-element elementor-element-a8418e8 elementor-widget elementor-widget-text-editor\" data-id=\"a8418e8\" data-element_type=\"widget\" data-widget_type=\"text-editor.default\">\n\t\t\t\t<div class=\"elementor-widget-container\">\n\t\t\t\t\t\t\t<p><strong>Moderador: <\/strong><\/p><p><em>Dr. Jos\u00e9 Antonio Bastos<\/em>, Coordinador de los Programas de Salud del Comit\u00e9 Internacional de la Cruz Roja, Bogot\u00e1, Colombia<\/p><p><strong>Ponentes:<\/strong><\/p><p><a href=\"https:\/\/healthcareindanger.org\/wp-content\/uploads\/2023\/01\/S3Contextosydesafios-1BenjaminMoreno.pdf\"><em>Dr. Benjam\u00edn Moreno<\/em><\/a>, Jefe de la Oficina de Gesti\u00f3n Territorial Emergencias y Desastres, Ministerio de Salud y Protecci\u00f3n Social, Colombia<\/p><p><a href=\"https:\/\/healthcareindanger.org\/wp-content\/uploads\/2023\/01\/S3Contextosydesafios-3LeonardoHernandez.pdf\"><em>Dr. Francisco Moreno<\/em><\/a>, Director Ejecutivo Nacional De La Cruz Roja Colombiana<\/p><p><a href=\"https:\/\/healthcareindanger.org\/wp-content\/uploads\/2023\/01\/S3Contextosydesafios-3LeonardoHernandez.pdf\"><em>Dr. Leonardo Hernandez<\/em><\/a>, Jefe del Centro de Operaciones de Emergencia, OPS, Washington, USA<\/p><p><a href=\"https:\/\/healthcareindanger.org\/wp-content\/uploads\/2023\/01\/S3Contextosydesafios-4AnnaJoval.pdf\"><em>Dra. Karen Anna Joval<\/em><\/a>, Asesor Senior de Asistencia de Salud en Peligro (HCID), Cruz Roja Noruega, Oslo, Noruega<\/p><p><a href=\"https:\/\/healthcareindanger.org\/wp-content\/uploads\/2023\/01\/S3Contextosydesafios-5Pedro-Porrino.pdf\"><em>Dr. Pedro Porrino<\/em>,<\/a> Coordinador Regional de Salud, Federaci\u00f3n Internacional de la Cruz Roja, Honduras<\/p><p><a href=\"https:\/\/healthcareindanger.org\/wp-content\/uploads\/2023\/01\/S3Contextosydesafios-6Jessica-Ramirez.pdf\"><em>Dra. Jessica Ram\u00edrez<\/em><\/a>, Especialista en Investigaci\u00f3n; Asistencia de Salud en Peligro (HCID) CICR, Ginebra, Suiza<\/p>\t\t\t\t\t\t<\/div>\n\t\t\t\t<\/div>\n\t\t\t\t<div class=\"elementor-element elementor-element-55bd0a5 elementor-widget-divider--view-line elementor-widget elementor-widget-divider\" data-id=\"55bd0a5\" data-element_type=\"widget\" data-widget_type=\"divider.default\">\n\t\t\t\t<div class=\"elementor-widget-container\">\n\t\t\t\t\t<div class=\"elementor-divider\">\n\t\t\t<span class=\"elementor-divider-separator\">\n\t\t\t\t\t\t<\/span>\n\t\t<\/div>\n\t\t\t\t<\/div>\n\t\t\t\t<\/div>\n\t\t\t\t<div class=\"elementor-element elementor-element-13bf816 elementor-widget elementor-widget-heading\" data-id=\"13bf816\" data-element_type=\"widget\" data-widget_type=\"heading.default\">\n\t\t\t\t<div class=\"elementor-widget-container\">\n\t\t\t<h3 class=\"elementor-heading-title elementor-size-default\">Retos de la investigaci\u00f3n de las afectaciones de la asistencia en salud en Latinoam\u00e9rica<\/h3>\t\t<\/div>\n\t\t\t\t<\/div>\n\t\t\t\t<div class=\"elementor-element elementor-element-0864ecc elementor-widget elementor-widget-text-editor\" data-id=\"0864ecc\" data-element_type=\"widget\" data-widget_type=\"text-editor.default\">\n\t\t\t\t<div class=\"elementor-widget-container\">\n\t\t\t\t\t\t\t<p><strong>Moderadora:<\/strong><\/p><p><em>Dra. Lina Echeverry,<\/em> Consultora &#8211; Centro de Investigaci\u00f3n y Capacitaci\u00f3n en Medicina de Desastres, Ayuda Humanitaria y Salud Global, Italia<\/p><p><strong>Ponentes:<\/strong><\/p><p><a href=\"https:\/\/healthcareindanger.org\/wp-content\/uploads\/2023\/02\/S4Investigacion-1GloriaBautista.pdf\"><em>Dra. Gloria Bautista<\/em>,<\/a> Docente e Investigadora de la Universidad Francisco de Paula Santander, C\u00facuta, Colombia<\/p><p><a href=\"https:\/\/healthcareindanger.org\/wp-content\/uploads\/2023\/01\/S4Investigacion-2RogerioGiesta.pdf\"><em>Dr. Rogerio Giesta<\/em>,<\/a> Jefe de Investigaci\u00f3n y Docente de la Universidad Federal del Cear\u00e1, Brasil<\/p><p><a href=\"https:\/\/healthcareindanger.org\/wp-content\/uploads\/2023\/01\/S4Investigacion-3AnaLuciaCasallas.pdf\"><em>Dra. Ana Luc\u00eda Casallas<\/em>,<\/a> Docente Investigadora De La Universidad Del Rosario, Colombia<\/p><p><a href=\"https:\/\/healthcareindanger.org\/wp-content\/uploads\/2023\/01\/S4Investigacion-4JorgeFloresNazar.pdf\"><em>Dr. Jorge Fl\u00f3rez<\/em>,<\/a> Gerente De Salud, Cruz Roja De Honduras<\/p><p><a href=\"https:\/\/healthcareindanger.org\/wp-content\/uploads\/2023\/01\/S4Investigacion-5CarlosIvanPacheco.pdf\"><em>Dr. Carlos Iv\u00e1n Pacheco S\u00e1nchez<\/em>,<\/a> Profesor De La Universidad Nacional, Colombia<\/p>\t\t\t\t\t\t<\/div>\n\t\t\t\t<\/div>\n\t\t\t\t<div class=\"elementor-element elementor-element-65d5a14 elementor-widget-divider--view-line elementor-widget elementor-widget-divider\" data-id=\"65d5a14\" data-element_type=\"widget\" data-widget_type=\"divider.default\">\n\t\t\t\t<div class=\"elementor-widget-container\">\n\t\t\t\t\t<div class=\"elementor-divider\">\n\t\t\t<span class=\"elementor-divider-separator\">\n\t\t\t\t\t\t<\/span>\n\t\t<\/div>\n\t\t\t\t<\/div>\n\t\t\t\t<\/div>\n\t\t\t\t<div class=\"elementor-element elementor-element-11d468b elementor-widget elementor-widget-heading\" data-id=\"11d468b\" data-element_type=\"widget\" data-widget_type=\"heading.default\">\n\t\t\t\t<div class=\"elementor-widget-container\">\n\t\t\t<h3 class=\"elementor-heading-title elementor-size-default\">Presentaci\u00f3n del Bazar de herramientas<\/h3>\t\t<\/div>\n\t\t\t\t<\/div>\n\t\t\t\t<div class=\"elementor-element elementor-element-728312a elementor-widget elementor-widget-text-editor\" data-id=\"728312a\" data-element_type=\"widget\" data-widget_type=\"text-editor.default\">\n\t\t\t\t<div class=\"elementor-widget-container\">\n\t\t\t\t\t\t\t<p><em>Se\u00f1or Carlos Andr\u00e9s Marulanda<\/em>, Coordinador del Programa Nacional de Misi\u00f3n M\u00e9dica, Cruz Roja Colombiana<\/p>\t\t\t\t\t\t<\/div>\n\t\t\t\t<\/div>\n\t\t\t\t<div class=\"elementor-element elementor-element-fc9ba22 elementor-widget-divider--view-line elementor-widget elementor-widget-divider\" data-id=\"fc9ba22\" data-element_type=\"widget\" data-widget_type=\"divider.default\">\n\t\t\t\t<div class=\"elementor-widget-container\">\n\t\t\t\t\t<div class=\"elementor-divider\">\n\t\t\t<span class=\"elementor-divider-separator\">\n\t\t\t\t\t\t<\/span>\n\t\t<\/div>\n\t\t\t\t<\/div>\n\t\t\t\t<\/div>\n\t\t\t\t\t<\/div>\n\t\t<\/div>\n\t\t\t\t\t\t\t<\/div>\n\t\t<\/section>\n\t\t\t\t<section class=\"elementor-section elementor-top-section elementor-element elementor-element-facac4f elementor-section-boxed elementor-section-height-default elementor-section-height-default\" data-id=\"facac4f\" data-element_type=\"section\">\n\t\t\t\t\t\t<div class=\"elementor-container elementor-column-gap-default\">\n\t\t\t\t\t<div class=\"elementor-column elementor-col-100 elementor-top-column elementor-element elementor-element-15efbf0\" data-id=\"15efbf0\" data-element_type=\"column\">\n\t\t\t<div class=\"elementor-widget-wrap elementor-element-populated\">\n\t\t\t\t\t\t\t\t<div class=\"elementor-element elementor-element-7b64c92 elementor-widget elementor-widget-heading\" data-id=\"7b64c92\" data-element_type=\"widget\" data-widget_type=\"heading.default\">\n\t\t\t\t<div class=\"elementor-widget-container\">\n\t\t\t<h2 class=\"elementor-heading-title elementor-size-default\">Jueves 24 de noviembre del 2022<\/h2>\t\t<\/div>\n\t\t\t\t<\/div>\n\t\t\t\t\t<\/div>\n\t\t<\/div>\n\t\t\t\t\t\t\t<\/div>\n\t\t<\/section>\n\t\t\t\t<section class=\"elementor-section elementor-top-section elementor-element elementor-element-df10be8 elementor-section-boxed elementor-section-height-default elementor-section-height-default\" data-id=\"df10be8\" data-element_type=\"section\">\n\t\t\t\t\t\t<div class=\"elementor-container elementor-column-gap-default\">\n\t\t\t\t\t<div class=\"elementor-column elementor-col-100 elementor-top-column elementor-element elementor-element-f815821\" data-id=\"f815821\" data-element_type=\"column\">\n\t\t\t<div class=\"elementor-widget-wrap elementor-element-populated\">\n\t\t\t\t\t\t\t\t<div class=\"elementor-element elementor-element-a4fe320 elementor-widget elementor-widget-heading\" data-id=\"a4fe320\" data-element_type=\"widget\" data-widget_type=\"heading.default\">\n\t\t\t\t<div class=\"elementor-widget-container\">\n\t\t\t<h3 class=\"elementor-heading-title elementor-size-default\">Respeto y Protecci\u00f3n de la Asistencia en Salud por Actores Armados<\/h3>\t\t<\/div>\n\t\t\t\t<\/div>\n\t\t\t\t<div class=\"elementor-element elementor-element-b1965a9 elementor-widget elementor-widget-text-editor\" data-id=\"b1965a9\" data-element_type=\"widget\" data-widget_type=\"text-editor.default\">\n\t\t\t\t<div class=\"elementor-widget-container\">\n\t\t\t\t\t\t\t<p><strong>Moderadora: <\/strong><em>Mayor General Mar\u00eda Paulina Leguizam\u00f3n<\/em>, Subjefatura de Estado Mayor Jur\u00eddico Institucional del Comando General de las Fuerzas Militares, Colombia<\/p><p><strong>Ponentes: <\/strong><\/p><p><a href=\"https:\/\/healthcareindanger.org\/wp-content\/uploads\/2023\/02\/S5ActoresArmados-1JonathanHoyos.pdf\"><em>Sr. Jhonatta Alexander Hoyos Sepulveda<\/em>,<\/a> Coordinador, Grupo de Doctrina Estrat\u00e9gica y Asesor\u00eda Jur\u00eddica, Direcci\u00f3n de DDHH y DIH, Ministerio de Defensa Nacional, Colombia<\/p><p><a href=\"https:\/\/healthcareindanger.org\/wp-content\/uploads\/2023\/02\/S5ActoresArmados-2AgniezkaSzafranowska.pdf\"><em>Sra. Agnieszka Szafranowska<\/em>,<\/a> Coordinadora Adjunta Programa Protecci\u00f3n de la Poblaci\u00f3n Civil, CICR, Colombia<\/p><p><a href=\"https:\/\/healthcareindanger.org\/wp-content\/uploads\/2023\/02\/S5ActoresArmados-3Silvia-Echeverry.pdf\"><em>Dra. Silvia Mar\u00eda Echeverri Gonz\u00e1lez<\/em>,<\/a> Docente, Universidad de Antioquia, Colombia<\/p><p><a href=\"https:\/\/healthcareindanger.org\/wp-content\/uploads\/2023\/02\/S5ActoresArmados-4VirginiaCanedo.pdf\"><em>Sra. Virginia Canedo<\/em><\/a>, Jefe del Programa Fuerzas Policiales y de Seguridad, CICR, Brasil<\/p>\t\t\t\t\t\t<\/div>\n\t\t\t\t<\/div>\n\t\t\t\t<div class=\"elementor-element elementor-element-0843a14 elementor-widget-divider--view-line elementor-widget elementor-widget-divider\" data-id=\"0843a14\" data-element_type=\"widget\" data-widget_type=\"divider.default\">\n\t\t\t\t<div class=\"elementor-widget-container\">\n\t\t\t\t\t<div class=\"elementor-divider\">\n\t\t\t<span class=\"elementor-divider-separator\">\n\t\t\t\t\t\t<\/span>\n\t\t<\/div>\n\t\t\t\t<\/div>\n\t\t\t\t<\/div>\n\t\t\t\t<div class=\"elementor-element elementor-element-6b5deed elementor-widget elementor-widget-heading\" data-id=\"6b5deed\" data-element_type=\"widget\" data-widget_type=\"heading.default\">\n\t\t\t\t<div class=\"elementor-widget-container\">\n\t\t\t<h3 class=\"elementor-heading-title elementor-size-default\">Trabajo interinstitucional para la protecci\u00f3n del personal de salud<\/h3>\t\t<\/div>\n\t\t\t\t<\/div>\n\t\t\t\t<div class=\"elementor-element elementor-element-b26986d elementor-widget elementor-widget-text-editor\" data-id=\"b26986d\" data-element_type=\"widget\" data-widget_type=\"text-editor.default\">\n\t\t\t\t<div class=\"elementor-widget-container\">\n\t\t\t\t\t\t\t<p><strong>Moderadora: <\/strong><em>Dra. Karim Martina Alvis G\u00f3mez<\/em>, Profesora Titular, Universidad Nacional de Colombia Y Miembro Comit\u00e9 Ejecutivo World Physiotherapy, Colombia<\/p><p><strong>Ponentes: <\/strong><em style=\"background-color: transparent;\"><a href=\"https:\/\/healthcareindanger.org\/wp-content\/uploads\/2023\/02\/S6TrabajoInterinstitucional-1TomasCobo.pdf\">Dr. Tomas Cobo<\/a> Castro,<\/em><span style=\"background-color: transparent;\">\u00a0Presidente Consejo General de Colegios Oficiales de M\u00e9dicos, Espa\u00f1a<\/span><\/p><p><a href=\"https:\/\/healthcareindanger.org\/wp-content\/uploads\/2023\/02\/S6TrabajoInterinstitucional-2MichelleEuceda.pdf\"><em>Abogada Francis Michelle Euceda<\/em>,<\/a> Coordinadora, Comit\u00e9 de Protecci\u00f3n d los Prestadores de Servicios de Salud \u2013 Secretar\u00eda de Salud Honduras<\/p><p><a href=\"https:\/\/healthcareindanger.org\/wp-content\/uploads\/2023\/02\/S6TrabajoInterinstitucional-3Adriana-Paola-Martinez.pdf\"><em>Dra. Adriana Paola Martinez Hernandez<\/em>,<\/a> Centro Regulador de Urgencias y Emergencias, Norte De Santander, Colombia<\/p><p><a href=\"https:\/\/healthcareindanger.org\/wp-content\/uploads\/2023\/02\/S6TrabajoInterinstitucional-4Luis-Eguiluz.pdf\"><em>Sr. Luis Egu\u00edluz,<\/em>\u00a0<\/a>Jefe de Misi\u00f3n M\u00e9dicos Sin Fronteras, Colombia<\/p><p><a href=\"https:\/\/healthcareindanger.org\/wp-content\/uploads\/2023\/02\/S6TrabajoInterinstitucional-5Mauricio-Cerpa.pdf\"><em>Dr. Mauricio Cerpa<\/em>,<\/a> Asesor de Emergencias, OPS Colombia<\/p>\t\t\t\t\t\t<\/div>\n\t\t\t\t<\/div>\n\t\t\t\t<div class=\"elementor-element elementor-element-2a5c83e elementor-widget-divider--view-line elementor-widget elementor-widget-divider\" data-id=\"2a5c83e\" data-element_type=\"widget\" data-widget_type=\"divider.default\">\n\t\t\t\t<div class=\"elementor-widget-container\">\n\t\t\t\t\t<div class=\"elementor-divider\">\n\t\t\t<span class=\"elementor-divider-separator\">\n\t\t\t\t\t\t<\/span>\n\t\t<\/div>\n\t\t\t\t<\/div>\n\t\t\t\t<\/div>\n\t\t\t\t<div class=\"elementor-element elementor-element-9aa0f6c elementor-widget elementor-widget-heading\" data-id=\"9aa0f6c\" data-element_type=\"widget\" data-widget_type=\"heading.default\">\n\t\t\t\t<div class=\"elementor-widget-container\">\n\t\t\t<h3 class=\"elementor-heading-title elementor-size-default\">Resiliencia del personal de salud en contextos de violencia<\/h3>\t\t<\/div>\n\t\t\t\t<\/div>\n\t\t\t\t<div class=\"elementor-element elementor-element-7eff3d5 elementor-widget elementor-widget-text-editor\" data-id=\"7eff3d5\" data-element_type=\"widget\" data-widget_type=\"text-editor.default\">\n\t\t\t\t<div class=\"elementor-widget-container\">\n\t\t\t\t\t\t\t<p><strong>Moderador:\u00a0 <\/strong><em>Sr. Andres Kruesi,<\/em> Representante Regional de las Am\u00e9ricas, Cruz Roja Noruega, Honduras<strong>\u00a0<\/strong><\/p><p><strong>Ponentes: <\/strong><a href=\"https:\/\/healthcareindanger.org\/wp-content\/uploads\/2023\/02\/S7Resiliencia-1KarenEveliceCerqueira.pdf\"><em>Sra. Karen Evelice Cerqueira<\/em>,<\/a> Coordinadora del Programa de Acceso M\u00e1s Seguro para Servicios P\u00fablicos Esenciales, CICR, Brasil<\/p><p><a href=\"https:\/\/healthcareindanger.org\/wp-content\/uploads\/2023\/02\/S7Resiliencia-2JoseAntonioBastos.pdf\"><em>Dr. Jose Antonio Bastos Amigo<\/em>,<\/a> Coordinador de Salud, CICR, Colombia<\/p><p><a href=\"https:\/\/healthcareindanger.org\/wp-content\/uploads\/2023\/02\/S7Resiliencia-3LinellFonseca.pdf\"><em>Sr. Linell Fonseca Molano,<\/em><\/a> Ingeniero de Agua y Saneamiento, CICR, Colombia<\/p><p><a href=\"https:\/\/healthcareindanger.org\/wp-content\/uploads\/2023\/02\/S7Resiliencia-4Melissa-Suazo.pdf\"><em>Sr. Melissa Suazo<\/em>,<\/a> Responsable de Asistencia Salud en Peligro, Comit\u00e9 Internacional de La Cruz Roja en Honduras<\/p><p><a href=\"https:\/\/healthcareindanger.org\/wp-content\/uploads\/2023\/02\/S7Resiliencia-5Ana-Elisa-Barbar.pdf\"><em>Sra. Ana Elisa Barbar<\/em><\/a>, Asesora, Asistencia de Salud En Peligro (HCiD), CICR, Ginebra, Suiza<\/p>\t\t\t\t\t\t<\/div>\n\t\t\t\t<\/div>\n\t\t\t\t<div class=\"elementor-element elementor-element-b0213f7 elementor-widget-divider--view-line elementor-widget elementor-widget-divider\" data-id=\"b0213f7\" data-element_type=\"widget\" data-widget_type=\"divider.default\">\n\t\t\t\t<div class=\"elementor-widget-container\">\n\t\t\t\t\t<div class=\"elementor-divider\">\n\t\t\t<span class=\"elementor-divider-separator\">\n\t\t\t\t\t\t<\/span>\n\t\t<\/div>\n\t\t\t\t<\/div>\n\t\t\t\t<\/div>\n\t\t\t\t<div class=\"elementor-element elementor-element-9a2a518 elementor-widget elementor-widget-heading\" data-id=\"9a2a518\" data-element_type=\"widget\" data-widget_type=\"heading.default\">\n\t\t\t\t<div class=\"elementor-widget-container\">\n\t\t\t<h3 class=\"elementor-heading-title elementor-size-default\">La violencia contra la asistencia en salud originado en la comunidad<\/h3>\t\t<\/div>\n\t\t\t\t<\/div>\n\t\t\t\t<div class=\"elementor-element elementor-element-fd7a908 elementor-widget elementor-widget-text-editor\" data-id=\"fd7a908\" data-element_type=\"widget\" data-widget_type=\"text-editor.default\">\n\t\t\t\t<div class=\"elementor-widget-container\">\n\t\t\t\t\t\t\t<p><strong>Moderadora: <\/strong><em>Sra. Doris Marcela Hernandez Martinez<\/em>, L\u00edder Construcci\u00f3n de Paz y Doctrina Institucional Cruz Roja Colombiana<\/p><p><strong>Ponentes: <\/strong><a href=\"https:\/\/healthcareindanger.org\/wp-content\/uploads\/2023\/01\/S8Comunidad-1Nancy-Guerrero.pdf\"><em>Sra. Nancy Guerrero Salazar<\/em>,<\/a> Responsable de Salud, Subdelegaci\u00f3n Bucaramanga, CICR}, Colombia\u00a0 y S<em>ra. Lauren Jimena Torrado<\/em>, Coordinadora Salud P\u00fablica, Alcald\u00eda Hacar\u00ed, Norte De Santander, Colombia<\/p><p><a href=\"https:\/\/healthcareindanger.org\/wp-content\/uploads\/2023\/01\/S8Comunidad-2MickaelPayet.pdf\"><em>Sr. Mickael Payet<\/em>,<\/a> Delegado de Primeros Auxilios y Atenci\u00f3n Prehospitalaria, CICR, Hait\u00ed<\/p><p><a href=\"https:\/\/healthcareindanger.org\/wp-content\/uploads\/2023\/02\/S8Comunidad-3CarlosMarulanda.pdf\"><em>Sr. Carlos Andres Marulanda<\/em>,<\/a> Coordinador Nacional Programa Misi\u00f3n M\u00e9dica, Cruz Roja Colombiana<\/p><p><em>Dr. Edgar Pinilla<\/em>, Delegado para el Derecho a la Salud y La Seguridad Social, Defensor\u00eda Del Pueblo, Colombia<\/p>\t\t\t\t\t\t<\/div>\n\t\t\t\t<\/div>\n\t\t\t\t<div class=\"elementor-element elementor-element-525ba9f elementor-widget-divider--view-line elementor-widget elementor-widget-divider\" data-id=\"525ba9f\" data-element_type=\"widget\" data-widget_type=\"divider.default\">\n\t\t\t\t<div class=\"elementor-widget-container\">\n\t\t\t\t\t<div class=\"elementor-divider\">\n\t\t\t<span class=\"elementor-divider-separator\">\n\t\t\t\t\t\t<\/span>\n\t\t<\/div>\n\t\t\t\t<\/div>\n\t\t\t\t<\/div>\n\t\t\t\t\t<\/div>\n\t\t<\/div>\n\t\t\t\t\t\t\t<\/div>\n\t\t<\/section>\n\t\t\t\t<section class=\"elementor-section elementor-top-section elementor-element elementor-element-4a66b66 elementor-section-boxed elementor-section-height-default elementor-section-height-default\" data-id=\"4a66b66\" data-element_type=\"section\">\n\t\t\t\t\t\t<div class=\"elementor-container elementor-column-gap-default\">\n\t\t\t\t\t<div class=\"elementor-column elementor-col-100 elementor-top-column elementor-element elementor-element-8bf311f\" data-id=\"8bf311f\" data-element_type=\"column\">\n\t\t\t<div class=\"elementor-widget-wrap elementor-element-populated\">\n\t\t\t\t\t\t\t\t<div class=\"elementor-element elementor-element-9ba6b4b elementor-widget elementor-widget-heading\" data-id=\"9ba6b4b\" data-element_type=\"widget\" data-widget_type=\"heading.default\">\n\t\t\t\t<div class=\"elementor-widget-container\">\n\t\t\t<h2 class=\"elementor-heading-title elementor-size-default\">Viernes 25 de noviembre del 2022<\/h2>\t\t<\/div>\n\t\t\t\t<\/div>\n\t\t\t\t\t<\/div>\n\t\t<\/div>\n\t\t\t\t\t\t\t<\/div>\n\t\t<\/section>\n\t\t\t\t<section class=\"elementor-section elementor-top-section elementor-element elementor-element-a828be7 elementor-section-boxed elementor-section-height-default elementor-section-height-default\" data-id=\"a828be7\" data-element_type=\"section\">\n\t\t\t\t\t\t<div class=\"elementor-container elementor-column-gap-default\">\n\t\t\t\t\t<div class=\"elementor-column elementor-col-100 elementor-top-column elementor-element elementor-element-0f78e2c\" data-id=\"0f78e2c\" data-element_type=\"column\">\n\t\t\t<div class=\"elementor-widget-wrap elementor-element-populated\">\n\t\t\t\t\t\t\t\t<div class=\"elementor-element elementor-element-e1fc093 elementor-widget elementor-widget-heading\" data-id=\"e1fc093\" data-element_type=\"widget\" data-widget_type=\"heading.default\">\n\t\t\t\t<div class=\"elementor-widget-container\">\n\t\t\t<h3 class=\"elementor-heading-title elementor-size-default\"><h4 style=\"white-space: normal;\"><strong>Cuidado de los cuidadores - Salud Mental y violencia contra el personal de salud<\/strong><\/h4><\/h3>\t\t<\/div>\n\t\t\t\t<\/div>\n\t\t\t\t<div class=\"elementor-element elementor-element-50e2ec1 elementor-widget elementor-widget-text-editor\" data-id=\"50e2ec1\" data-element_type=\"widget\" data-widget_type=\"text-editor.default\">\n\t\t\t\t<div class=\"elementor-widget-container\">\n\t\t\t\t\t\t\t<p><strong>Moderadora: <\/strong><em>Dra. Jessica Ram\u00edrez<\/em>, Especialista en Investigaci\u00f3n; Asistencia de Salud en Peligro (HCID) CICR, Ginebra, Suiza<\/p><p><strong>Ponentes: <\/strong><a href=\"https:\/\/healthcareindanger.org\/wp-content\/uploads\/2023\/01\/S9SaludMental-1Leonardo-garcia.pdf\"><em>Dr. Leonardo Garc\u00eda<\/em>,<\/a> Salud Mental, OPS -OMS, Colombia<\/p><p><a href=\"https:\/\/healthcareindanger.org\/wp-content\/uploads\/2023\/01\/S9SaludMental-2Adder-Samayoa.pdf\"><em>Sr. Adder Samayoa<\/em>,<\/a> Responsable del Programa de Salud Mental y Apoyo Psicosocial, CICR, Colombia<\/p><p><a href=\"https:\/\/healthcareindanger.org\/wp-content\/uploads\/2023\/01\/S9SaludMental-3VictorAguilar.pdf\"><em>Licenciado V\u00edctor Aguilar<\/em>,<\/a> Responsable Programa Salud Mental y Apoyo Psicosocial, CICR, Honduras<\/p><p><a href=\"https:\/\/healthcareindanger.org\/wp-content\/uploads\/2023\/01\/S9SaludMental-4Cristina-Quintero.pdf\"><em>Sra. Cristina Quintero<\/em><\/a>, Coordinadora Nacional Salud Mental y Apoyo Psicosocial, Cruz Roja Colombiana<\/p>\t\t\t\t\t\t<\/div>\n\t\t\t\t<\/div>\n\t\t\t\t<div class=\"elementor-element elementor-element-190ba7a elementor-widget-divider--view-line elementor-widget elementor-widget-divider\" data-id=\"190ba7a\" data-element_type=\"widget\" data-widget_type=\"divider.default\">\n\t\t\t\t<div class=\"elementor-widget-container\">\n\t\t\t\t\t<div class=\"elementor-divider\">\n\t\t\t<span class=\"elementor-divider-separator\">\n\t\t\t\t\t\t<\/span>\n\t\t<\/div>\n\t\t\t\t<\/div>\n\t\t\t\t<\/div>\n\t\t\t\t<div class=\"elementor-element elementor-element-f078327 elementor-widget elementor-widget-heading\" data-id=\"f078327\" data-element_type=\"widget\" data-widget_type=\"heading.default\">\n\t\t\t\t<div class=\"elementor-widget-container\">\n\t\t\t<h3 class=\"elementor-heading-title elementor-size-default\">Estado de la cuesti\u00f3n sobre la violencia en salud en Guerrero, M\u00e9xico\n<\/h3>\t\t<\/div>\n\t\t\t\t<\/div>\n\t\t\t\t<div class=\"elementor-element elementor-element-64ce8c8 elementor-widget elementor-widget-text-editor\" data-id=\"64ce8c8\" data-element_type=\"widget\" data-widget_type=\"text-editor.default\">\n\t\t\t\t<div class=\"elementor-widget-container\">\n\t\t\t\t\t\t\t<p><strong>Moderadora: <\/strong><a href=\"https:\/\/healthcareindanger.org\/wp-content\/uploads\/2023\/01\/S10ContextoGuerreroMEX-AideIbarez.pdf\"><em>Dra. Aide Ibarez Castro<\/em>,<\/a> Secretaria de Salud Estado Guerrero<\/p>\t\t\t\t\t\t<\/div>\n\t\t\t\t<\/div>\n\t\t\t\t<div class=\"elementor-element elementor-element-16b62d8 elementor-widget-divider--view-line elementor-widget elementor-widget-divider\" data-id=\"16b62d8\" data-element_type=\"widget\" data-widget_type=\"divider.default\">\n\t\t\t\t<div class=\"elementor-widget-container\">\n\t\t\t\t\t<div class=\"elementor-divider\">\n\t\t\t<span class=\"elementor-divider-separator\">\n\t\t\t\t\t\t<\/span>\n\t\t<\/div>\n\t\t\t\t<\/div>\n\t\t\t\t<\/div>\n\t\t\t\t<div class=\"elementor-element elementor-element-733c233 elementor-widget elementor-widget-heading\" data-id=\"733c233\" data-element_type=\"widget\" data-widget_type=\"heading.default\">\n\t\t\t\t<div class=\"elementor-widget-container\">\n\t\t\t<h3 class=\"elementor-heading-title elementor-size-default\">Retos para la protecci\u00f3n de la asistencia en salud en las protestas sociales<\/h3>\t\t<\/div>\n\t\t\t\t<\/div>\n\t\t\t\t<div class=\"elementor-element elementor-element-5210d34 elementor-widget elementor-widget-text-editor\" data-id=\"5210d34\" data-element_type=\"widget\" data-widget_type=\"text-editor.default\">\n\t\t\t\t<div class=\"elementor-widget-container\">\n\t\t\t\t\t\t\t<p><strong>Moderador: <\/strong><em>Dr. Jose Antonio Bastos Amigo<\/em>, Coordinador de Salud, CICR, Colombia<\/p><p><strong>Ponentes: <\/strong><a href=\"https:\/\/healthcareindanger.org\/wp-content\/uploads\/2023\/01\/S11Protestas-1CarlosMarulanda.pdf\"><em>Sr. Carlos Andres Marulanda<\/em> &#8211;<\/a> Coordinador Nacional Programa Misi\u00f3n M\u00e9dica, Cruz Roja Colombiana<\/p><p><a href=\"https:\/\/healthcareindanger.org\/wp-content\/uploads\/2023\/01\/S11Protestas-2Lazaro-Mazabuel.pdf\"><em>Sr. L\u00e1zaro Masabuel<\/em>,<\/a> Referente Misi\u00f3n M\u00e9dica, Seccional Cauca, Cruz Roja Colombiana y <em>y <\/em><\/p><p><a href=\"https:\/\/healthcareindanger.org\/wp-content\/uploads\/2023\/01\/S11Protestas-3Ivonne-Munoz-.pdf\"><em>Sra. Ivonne Mu\u00f1oz<\/em>,<\/a> Referente Misi\u00f3n M\u00e9dica, Centro Regulador de Urgencias y Emergencias, Cauca, Colombia<\/p><p><a href=\"https:\/\/healthcareindanger.org\/wp-content\/uploads\/2023\/01\/S11Protestas-4Gleny-Yepez.pdf\"><em>Licenciada Gleny Yepez<\/em><\/a><em> Chac\u00f3n<\/em>, Presidenta, Cruz Roja Boliviana<\/p><p><a href=\"https:\/\/healthcareindanger.org\/wp-content\/uploads\/2023\/01\/S11Protestas-5Fanny-Diaz.pdf\"><em>Sra. Fanny D\u00edaz Abanto<\/em>,<\/a> Oficial de Protecci\u00f3n, Delegaci\u00f3n Regional para Per\u00fa, Bolivia y Ecuador, CICR, Per\u00fa<\/p><p><a href=\"https:\/\/healthcareindanger.org\/wp-content\/uploads\/2023\/01\/S11Protestas-6CarlosRuiz.pdf\"><em>Dr. Carlos Ruiz Pinto<\/em>,<\/a> Director de Programas Integrales Cruz Roja Venezolana<\/p>\t\t\t\t\t\t<\/div>\n\t\t\t\t<\/div>\n\t\t\t\t<div class=\"elementor-element elementor-element-4402d1a elementor-widget-divider--view-line elementor-widget elementor-widget-divider\" data-id=\"4402d1a\" data-element_type=\"widget\" data-widget_type=\"divider.default\">\n\t\t\t\t<div class=\"elementor-widget-container\">\n\t\t\t\t\t<div class=\"elementor-divider\">\n\t\t\t<span class=\"elementor-divider-separator\">\n\t\t\t\t\t\t<\/span>\n\t\t<\/div>\n\t\t\t\t<\/div>\n\t\t\t\t<\/div>\n\t\t\t\t<div class=\"elementor-element elementor-element-06377e0 elementor-widget elementor-widget-heading\" data-id=\"06377e0\" data-element_type=\"widget\" data-widget_type=\"heading.default\">\n\t\t\t\t<div class=\"elementor-widget-container\">\n\t\t\t<h3 class=\"elementor-heading-title elementor-size-default\">Dimensi\u00f3n humana de la violencia contra la salud<\/h3>\t\t<\/div>\n\t\t\t\t<\/div>\n\t\t\t\t<div class=\"elementor-element elementor-element-f54242c elementor-widget elementor-widget-text-editor\" data-id=\"f54242c\" data-element_type=\"widget\" data-widget_type=\"text-editor.default\">\n\t\t\t\t<div class=\"elementor-widget-container\">\n\t\t\t\t\t\t\t<p><strong>Ponentes: \u00a0<\/strong><a href=\"https:\/\/healthcareindanger.org\/wp-content\/uploads\/2023\/01\/S13Humanizacion-JulioCastellanos.pdf\"><em>Dr. Julio C\u00e9sar Castellanos<\/em><\/a>, Director General del Hospital Universitario San Ignacio, Bogot\u00e1, Colombia<\/p>\t\t\t\t\t\t<\/div>\n\t\t\t\t<\/div>\n\t\t\t\t<div class=\"elementor-element elementor-element-2a83d89 elementor-widget-divider--view-line elementor-widget elementor-widget-divider\" data-id=\"2a83d89\" data-element_type=\"widget\" data-widget_type=\"divider.default\">\n\t\t\t\t<div class=\"elementor-widget-container\">\n\t\t\t\t\t<div class=\"elementor-divider\">\n\t\t\t<span class=\"elementor-divider-separator\">\n\t\t\t\t\t\t<\/span>\n\t\t<\/div>\n\t\t\t\t<\/div>\n\t\t\t\t<\/div>\n\t\t\t\t<div class=\"elementor-element elementor-element-1f5c62f elementor-widget elementor-widget-heading\" data-id=\"1f5c62f\" data-element_type=\"widget\" data-widget_type=\"heading.default\">\n\t\t\t\t<div class=\"elementor-widget-container\">\n\t\t\t<h3 class=\"elementor-heading-title elementor-size-default\">Generaci\u00f3n de redes de colaboraci\u00f3n regional para la protecci\u00f3n de la asistencia en salud<\/h3>\t\t<\/div>\n\t\t\t\t<\/div>\n\t\t\t\t<div class=\"elementor-element elementor-element-a35130b elementor-widget elementor-widget-text-editor\" data-id=\"a35130b\" data-element_type=\"widget\" data-widget_type=\"text-editor.default\">\n\t\t\t\t<div class=\"elementor-widget-container\">\n\t\t\t\t\t\t\t<p><strong>Moderador: <\/strong><em>Dr. Benjamin Moreno Rodr\u00edguez, <\/em>Jefe De La Oficina de Gesti\u00f3n Territorial Emergencias y Desastres, Ministerio De Salud y Protecci\u00f3n Social, Colombia<\/p><p><b>Ponentes: <\/b><em>Dr. Leonardo Hern\u00e1ndez<\/em>, Jefe del Centro de Operaciones de Emergencia, OPS, Washington, USA<\/p><p><i>Sr. Manuel Duce,<\/i> Jefe de Asuntos Regionales<em>,<\/em> Delegaci\u00f3n Regional Am\u00e9ricas, CICR, Panam\u00e1<\/p><p><em>Dra. Silvia Crespo,<\/em> Representante de la Federaci\u00f3n Internacional de la Cruz Roja en Colombia<\/p><p><em>Sr. Miguel Remon Lavin,<\/em> Representante Cruz Roja Noruega en Colombia<\/p>\t\t\t\t\t\t<\/div>\n\t\t\t\t<\/div>\n\t\t\t\t<div class=\"elementor-element elementor-element-b0638b8 elementor-widget-divider--view-line elementor-widget elementor-widget-divider\" data-id=\"b0638b8\" data-element_type=\"widget\" data-widget_type=\"divider.default\">\n\t\t\t\t<div class=\"elementor-widget-container\">\n\t\t\t\t\t<div class=\"elementor-divider\">\n\t\t\t<span class=\"elementor-divider-separator\">\n\t\t\t\t\t\t<\/span>\n\t\t<\/div>\n\t\t\t\t<\/div>\n\t\t\t\t<\/div>\n\t\t\t\t<div class=\"elementor-element elementor-element-5bd64ae elementor-widget elementor-widget-heading\" data-id=\"5bd64ae\" data-element_type=\"widget\" data-widget_type=\"heading.default\">\n\t\t\t\t<div class=\"elementor-widget-container\">\n\t\t\t<h3 class=\"elementor-heading-title elementor-size-default\">Conclusiones y cierre<\/h3>\t\t<\/div>\n\t\t\t\t<\/div>\n\t\t\t\t<div class=\"elementor-element elementor-element-0a081ce elementor-widget elementor-widget-text-editor\" data-id=\"0a081ce\" data-element_type=\"widget\" data-widget_type=\"text-editor.default\">\n\t\t\t\t<div class=\"elementor-widget-container\">\n\t\t\t\t\t\t\t<p><strong>Ponentes:\u00a0<\/strong><em style=\"background-color: transparent;\">Dr. Benjamin Moreno Rodr\u00edguez<\/em><span style=\"background-color: transparent;\">, Jefe de la Oficina de Gesti\u00f3n Territorial Emergencias y Desastres, Ministerio De Salud y Protecci\u00f3n Social, Colombia<\/span><\/p><p><em>Licenciada Marilyn Bonfante<\/em>, Directora de la Unidad de Desarrollo Social Humanitario de la Cruz Roja Colombiana<\/p><p><em>Dr. Jose Antonio Bastos<\/em>, Coordinador de Salud, CICR, Colombia<\/p>\t\t\t\t\t\t<\/div>\n\t\t\t\t<\/div>\n\t\t\t\t\t<\/div>\n\t\t<\/div>\n\t\t\t\t\t\t\t<\/div>\n\t\t<\/section>\n\t\t\t\t<section class=\"elementor-section elementor-top-section elementor-element elementor-element-69ad9b4 elementor-section-boxed elementor-section-height-default elementor-section-height-default\" data-id=\"69ad9b4\" data-element_type=\"section\">\n\t\t\t\t\t\t<div class=\"elementor-container elementor-column-gap-default\">\n\t\t\t\t\t<div class=\"elementor-column elementor-col-66 elementor-top-column elementor-element elementor-element-73a8aa4\" data-id=\"73a8aa4\" data-element_type=\"column\">\n\t\t\t<div class=\"elementor-widget-wrap elementor-element-populated\">\n\t\t\t\t\t\t\t\t<div class=\"elementor-element elementor-element-7f3ed0f elementor-widget elementor-widget-text-editor\" data-id=\"7f3ed0f\" data-element_type=\"widget\" data-widget_type=\"text-editor.default\">\n\t\t\t\t<div class=\"elementor-widget-container\">\n\t\t\t\t\t\t\t<h3><em>haga click en la agenda para abrir el documento en PDF.\u00a0<\/em><\/h3>\t\t\t\t\t\t<\/div>\n\t\t\t\t<\/div>\n\t\t\t\t<div class=\"elementor-element elementor-element-b0decb5 elementor-widget elementor-widget-image\" data-id=\"b0decb5\" data-element_type=\"widget\" data-widget_type=\"image.default\">\n\t\t\t\t<div class=\"elementor-widget-container\">\n\t\t\t\t\t\t\t\t\t\t\t\t\t\t\t\t<a href=\"https:\/\/healthcareindanger.org\/wp-content\/uploads\/2022\/11\/II-Seminario-Bogota-2022_Programa-final-mit-links.pdf\">\n\t\t\t\t\t\t\t<img loading=\"lazy\" decoding=\"async\" width=\"467\" height=\"565\" src=\"https:\/\/healthcareindanger.org\/wp-content\/uploads\/2022\/11\/Programma-final-pic.png\" class=\"attachment-large size-large wp-image-21692\" alt=\"\" srcset=\"https:\/\/healthcareindanger.org\/wp-content\/uploads\/2022\/11\/Programma-final-pic.png 467w, https:\/\/healthcareindanger.org\/wp-content\/uploads\/2022\/11\/Programma-final-pic-248x300.png 248w\" sizes=\"(max-width: 467px) 100vw, 467px\" \/>\t\t\t\t\t\t\t\t<\/a>\n\t\t\t\t\t\t\t\t\t\t\t\t\t\t\t<\/div>\n\t\t\t\t<\/div>\n\t\t\t\t\t<\/div>\n\t\t<\/div>\n\t\t\t\t<div class=\"elementor-column elementor-col-33 elementor-top-column elementor-element elementor-element-8bfdd72\" data-id=\"8bfdd72\" data-element_type=\"column\">\n\t\t\t<div class=\"elementor-widget-wrap elementor-element-populated\">\n\t\t\t\t\t\t\t\t<div class=\"elementor-element elementor-element-2d71c7d elementor-widget elementor-widget-text-editor\" data-id=\"2d71c7d\" data-element_type=\"widget\" data-widget_type=\"text-editor.default\">\n\t\t\t\t<div class=\"elementor-widget-container\">\n\t\t\t\t\t\t\t\t\t\t\t\t\t<\/div>\n\t\t\t\t<\/div>\n\t\t\t\t<div class=\"elementor-element elementor-element-7848cc6 elementor-widget elementor-widget-spacer\" data-id=\"7848cc6\" data-element_type=\"widget\" data-widget_type=\"spacer.default\">\n\t\t\t\t<div class=\"elementor-widget-container\">\n\t\t\t\t\t<div class=\"elementor-spacer\">\n\t\t\t<div class=\"elementor-spacer-inner\"><\/div>\n\t\t<\/div>\n\t\t\t\t<\/div>\n\t\t\t\t<\/div>\n\t\t\t\t<div class=\"elementor-element elementor-element-d364f4f elementor-widget elementor-widget-image\" data-id=\"d364f4f\" data-element_type=\"widget\" data-widget_type=\"image.default\">\n\t\t\t\t<div class=\"elementor-widget-container\">\n\t\t\t\t\t\t\t\t\t\t\t\t\t\t\t\t<a href=\"https:\/\/healthcareindanger.org\/wp-content\/uploads\/2022\/11\/Manual-de-Mision-Medica-2013.pdf\">\n\t\t\t\t\t\t\t<img loading=\"lazy\" decoding=\"async\" width=\"672\" height=\"769\" src=\"https:\/\/healthcareindanger.org\/wp-content\/uploads\/2022\/11\/mision-medica.png\" class=\"attachment-large size-large wp-image-21633\" alt=\"\" srcset=\"https:\/\/healthcareindanger.org\/wp-content\/uploads\/2022\/11\/mision-medica.png 672w, https:\/\/healthcareindanger.org\/wp-content\/uploads\/2022\/11\/mision-medica-262x300.png 262w\" sizes=\"(max-width: 672px) 100vw, 672px\" \/>\t\t\t\t\t\t\t\t<\/a>\n\t\t\t\t\t\t\t\t\t\t\t\t\t\t\t<\/div>\n\t\t\t\t<\/div>\n\t\t\t\t\t<\/div>\n\t\t<\/div>\n\t\t\t\t\t\t\t<\/div>\n\t\t<\/section>\n\t\t\t\t\t\t\t<\/div>\n\t\t","protected":false},"excerpt":{"rendered":"<p>clic aqu\u00ed para el espa\u00f1ol cliquez ici pour le fran\u00e7ais clique aqui para portugu\u00eas II Seminario\u00a0\u201cConsecuencias humanitarias de la falta de respeto y protecci\u00f3n a los servicios de salud en Latinoam\u00e9rica\u201d 23, 24 y 25 de noviembre de 2022 Bogot\u00e1. Colombia \u00a0 INTRODUCCI\u00d3N La violencia contra el personal de salud y sus beneficiarios es una&#8230;  <a class=\"excerpt-read-more\" href=\"https:\/\/healthcareindanger.org\/es\/2nd-americas-regional-hcid-meeting-2022\/\" title=\"Read 2nd AMERICAS Regional HCID meeting 2022\">Leer m\u00e1s \u00bb<\/a><\/p>\n","protected":false},"author":19,"featured_media":0,"parent":0,"menu_order":0,"comment_status":"closed","ping_status":"closed","template":"","meta":{"footnotes":""},"_links":{"self":[{"href":"https:\/\/healthcareindanger.org\/es\/wp-json\/wp\/v2\/pages\/20989"}],"collection":[{"href":"https:\/\/healthcareindanger.org\/es\/wp-json\/wp\/v2\/pages"}],"about":[{"href":"https:\/\/healthcareindanger.org\/es\/wp-json\/wp\/v2\/types\/page"}],"author":[{"embeddable":true,"href":"https:\/\/healthcareindanger.org\/es\/wp-json\/wp\/v2\/users\/19"}],"replies":[{"embeddable":true,"href":"https:\/\/healthcareindanger.org\/es\/wp-json\/wp\/v2\/comments?post=20989"}],"version-history":[{"count":240,"href":"https:\/\/healthcareindanger.org\/es\/wp-json\/wp\/v2\/pages\/20989\/revisions"}],"predecessor-version":[{"id":22564,"href":"https:\/\/healthcareindanger.org\/es\/wp-json\/wp\/v2\/pages\/20989\/revisions\/22564"}],"wp:attachment":[{"href":"https:\/\/healthcareindanger.org\/es\/wp-json\/wp\/v2\/media?parent=20989"}],"curies":[{"name":"wp","href":"https:\/\/api.w.org\/{rel}","templated":true}]}}